{"id":1408,"date":"2018-10-10T18:38:44","date_gmt":"2018-10-10T17:38:44","guid":{"rendered":"http:\/\/updent.upol.cz\/?page_id=1408"},"modified":"2025-12-16T19:35:05","modified_gmt":"2025-12-16T18:35:05","slug":"minule-rocniky","status":"publish","type":"page","link":"https:\/\/www.updent.upol.cz\/index.php\/minule-rocniky\/","title":{"rendered":"Minul\u00e9 ro\u010dn\u00edky"},"content":{"rendered":"<p>[vc_row][vc_column][vc_column_text]Fotografie z p\u00e1t\u00e9ho ro\u010dn\u00edku konference najdete <a href=\"https:\/\/us.zonerama.com\/UPdent2023\/Album\/1000061390\">zde<\/a>.<\/p>\n<p>[\/vc_column_text][\/vc_column][\/vc_row][vc_row][vc_column][vc_column_text]<\/p>\n<div class=\"txt2\">\n<div class=\"txt2\">\n<p style=\"text-align: justify;\"><span style=\"font-size: 18px;\"><strong>Jak to v\u0161echno za\u010dalo&#8230;<\/strong><\/span><\/p>\n<p style=\"text-align: justify;\"><strong>N\u00e1pad uspo\u0159\u00e1dat kongres vznikl u n\u00e1s student\u016f. Na jeho po\u010d\u00e1tku st\u00e1l neo\u010dek\u00e1van\u00fd z\u00e1jem o\u00a0p\u0159edn\u00e1\u0161ku ze zdravotnick\u00e9ho pr\u00e1va (kv\u011bten 2017), studenti se tak\u00e9 ve velk\u00e9m \u00fa\u010dastnili workshop\u016f na t\u00e9ma \u201ePsychologie pacienta\u201c \u010di \u201eFyzioterapie pro zubn\u00ed l\u00e9ka\u0159e\u201c. Inspirac\u00ed byly takt\u00e9\u017e \u010detn\u00e9 a\u00a0opakuj\u00edc\u00ed se dotazy (nejen) ve facebookov\u00fdch diskuz\u00edch t\u00fdkaj\u00edc\u00ed se kontrol \u00fa\u0159ad\u016f, postaven\u00ed \u010cesk\u00e9 stomatologick\u00e9 komory \u010di pr\u00e1v a\u00a0povinnost\u00ed zubn\u00edch l\u00e9ka\u0159\u016f.<\/strong><\/p>\n<p style=\"text-align: justify;\">Z ohlas\u016f na zm\u00edn\u011bn\u00e1 neklinick\u00e1 t\u00e9mata, se kter\u00fdmi se ve \u0161kole nesetk\u00e1v\u00e1me, vze\u0161el skv\u011bl\u00fd a\u00a0velmi sm\u011bl\u00fd pl\u00e1n na kongres \u201eod student\u016f pro studenty\u201c. Za t\u00edmto n\u00e1padem st\u00e1la <strong>Veronika Navr\u00e1tilov\u00e1<\/strong>, toho \u010dasu studentka 3. ro\u010dn\u00edku zubn\u00edho l\u00e9ka\u0159stv\u00ed, kter\u00e1 pozd\u011bji spolu se spolu\u017ea\u010dkou <strong>Terezou \u0160im\u010d\u00edkovou<\/strong>\u00a0p\u0159edlo\u017eila sv\u016fj n\u00e1pad veden\u00ed fakulty. Ji\u017e v n\u00e1sleduj\u00edc\u00edm akademick\u00e9m roce (\u00fanor 2018) se odehr\u00e1l historicky prvn\u00ed studentsk\u00fd kongres UPdent. P\u0159i p\u0159\u00edprav\u011b druh\u00e9ho ro\u010dn\u00edku celov\u00edkendov\u00e9 konference byl t\u00fdm hlavn\u00edch organiz\u00e1torek pos\u00edlen o studenta <strong>Filipa Kud\u011blku<\/strong>. V \u00fanoru 2020 se odehr\u00e1l t\u0159et\u00ed ro\u010dn\u00edk UPdentu, a stihli jsme to jen tak tak, ne\u017e spole\u010densk\u00e9 akce v cel\u00e9 republice na dlouhou dobu ochromila pandemie koronaviru. Po dvoulet\u00e9 pauze prob\u011bhl \u010dtvrt\u00fd ro\u010dn\u00edk, kter\u00fd m\u011bla nov\u011b na starosti studentka 5. ro\u010dn\u00edku <strong>Barbora Ho\u0161kov\u00e1<\/strong>, kter\u00e1 byla d\u0159\u00edve sou\u010d\u00e1st\u00ed organiza\u010dn\u00edho t\u00fdmu pod veden\u00edm zakladatel\u016f kongresu, a akce se na konci \u00fanora 2022 poda\u0159ila tak, jako tomu bylo zvykem v minul\u00fdch letech. Na posledn\u00ed prob\u011bhl\u00fd UPdent, jubilejn\u00ed p\u00e1t\u00fd ro\u010dn\u00edk, p\u0159evzala \u0161tafetu po B\u00e1\u0159e studentka 4. ro\u010dn\u00edku <strong>Eli\u0161ka Surmov\u00e1<\/strong>, je\u017e rovn\u011b\u017e roz\u0161\u00ed\u0159ila seznam p\u0159edn\u00e1\u0161ej\u00edc\u00edch o dal\u0161\u00ed v\u00fdznamn\u00e1 jm\u00e9na.<\/p>\n<p style=\"text-align: justify;\">Celov\u00edkendov\u00fd kongres je ji\u017e tradi\u010dn\u011b zam\u011b\u0159en na t\u00e9mata, kter\u00e1 se b\u011b\u017en\u011b na univerzit\u00e1ch nep\u0159edn\u00e1\u0161ej\u00ed, ale pro praxi jsou v\u00fdznamn\u00e1, a\u00a0t\u00edm tento unik\u00e1tn\u00ed program c\u00edl\u00ed zejm\u00e9na na studenty zubn\u00edho l\u00e9ka\u0159stv\u00ed a\u00a0jeho \u010derstv\u00e9 absolventy. Program je v\u017edy pro\u0161pikovan\u00fd zaj\u00edmav\u00fdmi p\u0159edn\u00e1\u0161kami zn\u00e1m\u00fdch l\u00e9ka\u0159\u016f i\u00a0nel\u00e9ka\u0159\u016f, a\u00a0ka\u017ed\u00fd si zaru\u010den\u011b p\u0159ijde na sv\u00e9.<\/p>\n<hr \/>\n<\/div>\n<\/div>\n<p>&nbsp;<\/p>\n<p style=\"text-align: justify;\"><span style=\"font-size: 18px;\"><strong>Prvn\u00ed ro\u010dn\u00edk<\/strong><\/span><\/p>\n<p style=\"text-align: justify;\">Prvn\u00ed ro\u010dn\u00edk prob\u011bhl ve dnech 24. a\u017e 25. \u00fanora 2018 v prostor\u00e1ch L\u00e9ka\u0159sk\u00e9 fakulty Univerzity Palack\u00e9ho v Olomouci. Na kongrese vystoupili n\u00e1sleduj\u00edc\u00ed p\u0159edn\u00e1\u0161ej\u00edc\u00ed se sv\u00fdmi prezentacemi:<\/p>\n<ul style=\"text-align: justify;\">\n<li>Roman Ja\u0161ek \u2013 GDPR aneb ochrana osobn\u00edch \u00fadaj\u016f<\/li>\n<li>Renata Skali\u010dkov\u00e1 \u2013 Z\u00e1sady hygieny pracovi\u0161t\u011b<\/li>\n<li>Jan P\u00f4bi\u0161 \u2013 Poji\u0161t\u011bn\u00ed ordinace<\/li>\n<li>Roman \u0160mucler \u2013 Pro\u010d si ji plat\u00edme? aneb Unik\u00e1tn\u00ed pozice \u010cesk\u00e9 stomatologick\u00e9 komory<\/li>\n<li>Ji\u0159\u00ed Slav\u00edk \u2013 Pr\u00e1vn\u00ed aspekty vztahu mezi l\u00e9ka\u0159em a pacientem<\/li>\n<li>Petra Kozub\u00edkov\u00e1 \u2013 Jak poznat dobrou sestru<\/li>\n<li>David Sm\u00e9kal \u2013 Fyzioterapie pro zubn\u00ed l\u00e9ka\u0159e<\/li>\n<li>Vendula Nov\u00e1kov\u00e1 \u2013 PC programy pro zubn\u00ed l\u00e9ka\u0159e<\/li>\n<li>Tom\u00e1\u0161 Lenfeld \u2013 Oblastn\u00ed stomatologick\u00e1 komora<\/li>\n<li>Pavla Coufalov\u00e1 \u2013 St\u00e1tn\u00ed \u00fastav pro kontrolu l\u00e9\u010div<\/li>\n<li>Michal \u0160ujan \u2013 Ergonomick\u00e9 \u0159e\u0161en\u00ed ordinace<\/li>\n<li>Tom\u00e1\u0161 Ko\u0161umbersk\u00fd \u2013 Ekonomie, management, \u00fa\u010detnictv\u00ed<\/li>\n<li>Jana Stod\u016flkov\u00e1 \u2013 Mo\u017enosti alternativn\u00ed medic\u00edny<\/li>\n<li>Pavel Stod\u016flka &#8211; Jak dob\u0159e vid\u011bt na pr\u00e1ci<\/li>\n<\/ul>\n<p style=\"text-align: justify;\">Fotografie z ro\u010dn\u00edku 2018 si m\u016f\u017eete prohl\u00e9dnout <a href=\"https:\/\/www.zonerama.com\/UPdent2018\/Album\/4168382\">zde<\/a>. T\u00e9\u017e o n\u00e1s vy\u0161ly \u010dl\u00e1nky &#8211; jeden v \u010dasopise <a href=\"http:\/\/www.lks-casopis.cz\/clanek\/updent-2018-vyborny-napad-studentu\/\">LKS \u010cesk\u00e9 stomatologick\u00e9 komory<\/a> (dubnov\u00e9 \u010d\u00edslo 2018), jednak v \u010dasopise <a href=\"https:\/\/issuu.com\/ssscr1\/docs\/student_30_tisk\">Sdru\u017een\u00ed student\u016f stomatologie \u010cesk\u00e9 republiky StuDent<\/a> (\u010d\u00edslo 30\/31, dvojstrana 18-19).<\/p>\n<p>&nbsp;<\/p>\n<p style=\"text-align: justify;\"><span style=\"font-size: 18px;\"><strong>Druh\u00fd ro\u010dn\u00edk<\/strong><\/span><\/p>\n<p style=\"text-align: justify;\">Druh\u00fd ro\u010dn\u00edk prob\u011bhl ve dnech 23. a\u017e 24. \u00fanora 2019 v prostor\u00e1ch L\u00e9ka\u0159sk\u00e9 fakulty Univerzity Palack\u00e9ho. Na kongrese vystoupili n\u00e1sleduj\u00edc\u00ed p\u0159edn\u00e1\u0161ej\u00edc\u00ed se sv\u00fdmi prezentacemi:<\/p>\n<ul style=\"text-align: justify;\">\n<li>Jana S\u00e1dovsk\u00e1 \u2013 Prvn\u00ed pomoc v ordinaci zubn\u00edho l\u00e9ka\u0159e<\/li>\n<li>Ji\u0159\u00ed \u0160ed\u00fd \u2013 Ph.D. studium ve stomatologii &#8211; ano nebo ne?<\/li>\n<li>Tereza \u010celkov\u00e1 \u2013 Jak na d\u011btsk\u00e9 pacienty<\/li>\n<li>Ji\u0159\u00ed Slav\u00edk \u2013 Pr\u00e1vn\u00ed aspekty vztahu mezi l\u00e9ka\u0159em a poji\u0161\u0165ovnami<\/li>\n<li>Roman \u0160mucler \u2013 Robotick\u00e1 a digit\u00e1ln\u00ed stomatologie<\/li>\n<li>Tom\u00e1\u0161 Macha\u010d \u2013 O komunikaci s pacienty a jejich motivaci k akceptaci l\u00e9\u010debn\u00e9ho pl\u00e1nu<\/li>\n<li>Eva Purkarov\u00e1 \u2013 Prvn\u00ed kroky absolventa a mo\u017enosti st\u00e1\u017e\u00ed p\u0159i \u0161kole<\/li>\n<li>Michal K\u0159upka \u2013 Alergie u zubn\u00edch l\u00e9ka\u0159\u016f<\/li>\n<li>Jan Strojil \u2013 Klinick\u00e1 farmakologie prakticky<\/li>\n<li>Radmila Sedl\u00e1\u010dkov\u00e1, Ji\u0159\u00ed Sedl\u00e1\u010dek \u2013 Prevence ve stomatologii na mal\u00e9m m\u011bst\u011b<\/li>\n<li>Jan Prouza \u2013 Stomatologie na vesnic\u00edch a malom\u011bstech<\/li>\n<li>Kate\u0159ina Markov\u00e1 \u2013 Dent\u00e1ln\u00ed fotografie<\/li>\n<\/ul>\n<p style=\"text-align: justify;\">Fotografie z ro\u010dn\u00edku 2019 si m\u016f\u017eete prohl\u00e9dnout <a href=\"https:\/\/www.zonerama.com\/UPdent\/Album\/5125611\">zde<\/a>. \u010cl\u00e1nek o kongrese vy\u0161el i v \u010dasopise LKS \u010cesk\u00e9 stomatologick\u00e9 komory (prvn\u011b jako\u017eto <a href=\"http:\/\/www.lks-casopis.cz\/clanek\/updent-2019\/\">koment\u00e1\u0159 v b\u0159eznov\u00e9m \u010d\u00edsle 2019<\/a>, pot\u00e9 jako <a href=\"http:\/\/www.lks-casopis.cz\/clanek\/updent-2019-vse-co-studenty-zajima\/\">fotoreport\u00e1\u017e v dubnov\u00e9m vyd\u00e1n\u00ed t\u00e9ho\u017e roku<\/a>). N\u00e1\u0161 kongres byl n\u011bkolikr\u00e1t zm\u00edn\u011bn i v rozhovoru s <a href=\"https:\/\/olomouc.rozhlas.cz\/morava-je-zubarska-velmoc-chvali-prezident-ceske-stomatologicke-komory-roman-7788465\">Romanem \u0160muclerem v \u010cesk\u00e9m rozhlase<\/a> (od 22. minuty) a v diskuzi v po\u0159adu <a href=\"https:\/\/ct24.ceskatelevize.cz\/domaci\/2765438-si-zubari-ordinace-predavaji-dostaneme-je-tak-na-venkov-radi-pojistovnam-vojtech\">90&#8242; \u010cT24<\/a> (od 47. minuty).<\/p>\n<div class=\"txt2\">\n<div class=\"txt2\">\n<p>&nbsp;<\/p>\n<p style=\"text-align: justify;\"><span style=\"font-size: 18px;\"><strong>T\u0159et\u00ed ro\u010dn\u00edk<\/strong><\/span><\/p>\n<p style=\"text-align: justify;\">T\u0159et\u00ed ro\u010dn\u00edk prob\u011bhl ve dnech 22. a\u017e 23. \u00fanora 2020 v prostor\u00e1ch L\u00e9ka\u0159sk\u00e9 fakulty Univerzity Palack\u00e9ho. Na kongrese vystoupili n\u00e1sleduj\u00edc\u00ed p\u0159edn\u00e1\u0161ej\u00edc\u00ed se sv\u00fdmi prezentacemi:<\/p>\n<ul>\n<li style=\"text-align: justify;\">Martina \u0160krdlantov\u00e1 \u2013 Jak si vybrat sv\u00e9ho zam\u011bstnavatele aneb Jak vyu\u017e\u00edt nab\u00eddku a popt\u00e1vku na trhu pr\u00e1ce v zubn\u00edm l\u00e9ka\u0159stv\u00ed<\/li>\n<li style=\"text-align: justify;\">Michal P\u0159ibyl \u2013 Time Management<\/li>\n<li style=\"text-align: justify;\">Dominika Hrub\u00e1 \u2013 Future leaders program a mo\u017enosti kari\u00e9ry v GSK<\/li>\n<li style=\"text-align: justify;\">Veronika Kov\u00e1\u0159 Matejov\u00e1 \u2013 T\u011bhotenstv\u00ed a rodi\u010dovstv\u00ed u zubn\u00edch l\u00e9ka\u0159\u016f<\/li>\n<li style=\"text-align: justify;\">Ji\u0159\u00ed Slav\u00edk \u2013 Pr\u00e1vn\u00ed aspekty vztahu mezi l\u00e9ka\u0159em a \u00fa\u0159ady<\/li>\n<li style=\"text-align: justify;\">Jan Kucha\u0159 \u2013 Jak se nenechat okr\u00e1st na internetu? aneb IT bezpe\u010dnost pro zubn\u00ed l\u00e9ka\u0159e<\/li>\n<li style=\"text-align: justify;\">Sl\u00e1de\u010dkov\u00e1 \u2013 Dobrovolnick\u00e9 v\u00fdjezdy zubn\u00edch l\u00e9ka\u0159\u016f<\/li>\n<li style=\"text-align: justify;\">Roman \u0160mucler \u2013 Pro\u010d d\u011blat na poji\u0161\u0165ovnu. V\u00fdhody PZL<\/li>\n<li style=\"text-align: justify;\">Jakub Kania \u2013 Antibiotika v zubn\u00ed praxi: praktick\u00fd n\u00e1vod<\/li>\n<li style=\"text-align: justify;\">Boris Vra\u0148\u00e1k \u2013 Tipy, triky a vychyt\u00e1vky ve stomatologii<\/li>\n<li style=\"text-align: justify;\">Alexander Schill \u2013 Stomatologie v soukrom\u00e9 ordinaci bez smluv s poji\u0161\u0165ovnami<\/li>\n<li style=\"text-align: justify;\">Ivo Marek \u2013 Interdisciplin\u00e1rn\u00ed spolupr\u00e1ce<\/li>\n<li style=\"text-align: justify;\">Anna Jankov\u00e1 \u2013 Ortodontick\u00e1 atestace<\/li>\n<li style=\"text-align: justify;\">Ji\u0159\u00ed \u0160imek a \u0160t\u011bp\u00e1n Pohanka \u2013 Atestace v maxilofaci\u00e1ln\u00ed chirurgii a specializace v dentoalveol\u00e1rn\u00ed chirurgii<\/li>\n<\/ul>\n<p>Fotografie z ro\u010dn\u00edku 2020 si m\u016f\u017eete prohl\u00e9dnout <a href=\"https:\/\/www.zonerama.com\/UPdent\/Album\/6036623\" target=\"_blank\" rel=\"noopener\">zde<\/a>. O kongresu je\u0161t\u011b p\u0159ed jeho kon\u00e1n\u00edm informoval port\u00e1l <a href=\"https:\/\/www.stomateam.cz\/cz\/interview\/updent-studentsky-kongres-o-soft-skills?currency=eur#confirm\" target=\"_blank\" rel=\"noopener\">StomaTeam<\/a>, naopak ohl\u00e9dnut\u00ed p\u0159inesl \u010dasopis <a href=\"https:\/\/www.lks-casopis.cz\/clanek\/updent-2020-do-tretice-vseho-dobreho\/\" target=\"_blank\" rel=\"noopener\">LKS \u010cesk\u00e9 stomatologick\u00e9 komory<\/a>.<\/p>\n<\/div>\n<\/div>\n<p>&nbsp;<\/p>\n<p><strong><span style=\"font-size: 18px;\">\u010ctvrt\u00fd ro\u010dn\u00edk<\/span><\/strong><\/p>\n<p>\u010ctvrt\u00fd ro\u010dn\u00edk prob\u011bhl ve dnech 26. a\u017e 27. \u00fanora 2022 v prostor\u00e1ch L\u00e9ka\u0159sk\u00e9 fakulty Univerzity Palack\u00e9ho. Na kongrese vystoupili n\u00e1sleduj\u00edc\u00ed p\u0159edn\u00e1\u0161ej\u00edc\u00ed se sv\u00fdmi prezentacemi:<\/p>\n<ul>\n<li>Tom\u00e1\u0161 Ko\u0161umbersk\u00fd &#8211; Prosperita stomatologie pro rok 2022<\/li>\n<li>Karin Chytilov\u00e1 &#8211; Kdo je p\u0159ipraven, nen\u00ed p\u0159ekvapen aneb rizikov\u00e9 medikace u extrakc\u00ed zub\u016f<\/li>\n<li>Michal \u0160ujan &#8211; 4-handed dentistry 4 you<\/li>\n<li>Marie Salomonov\u00e1 &#8211; P\u00e9\u010de o du\u0161evn\u00ed zdrav\u00ed a prevence vyho\u0159en\u00ed<\/li>\n<li>Jan \u0160temb\u00edrek &#8211; L\u00e9ka\u0159 vs. pacient<\/li>\n<li>B\u00e1ra Mal\u00edkov\u00e1 &#8211; Jak p\u0159e\u017e\u00edt v syst\u00e9mu po promoci<\/li>\n<li>Lenka Velebilov\u00e1 &#8211; Dent\u00e1ln\u00ed hygienistka a zubn\u00ed l\u00e9ka\u0159 v symbi\u00f3ze<\/li>\n<li>Petr Bedn\u00e1\u0159 &#8211; Pro\u010d? aneb jak uchopit dent\u00e1ln\u00ed profesi z pohledu \u017eivota, vesm\u00edru a v\u016fbec&#8230;<\/li>\n<li>Hedvika Kapl\u00e1nov\u00e1 &#8211; Zakl\u00e1d\u00e1n\u00ed vlastn\u00ed praxe z pohledu absolventa krok po kroku a co od toho v\u0161eho \u010dekat<\/li>\n<\/ul>\n<p>Fotografie z ro\u010dn\u00edku 2022 si m\u016f\u017eete prohl\u00e9dnout <a href=\"https:\/\/eu.zonerama.com\/UPdent\/Album\/8199785\">zde<\/a>. O tomto ro\u010dn\u00edku<span style=\"font-weight: 400;\">\u00a0vy\u0161el \u010dl\u00e1nek ve <\/span><a href=\"https:\/\/www.stomateam.cz\/cz\/novinky\/studentsky-kongres-updent-je-zpet#confirm\"><span style=\"font-weight: 400;\">StomaTeamu<\/span><\/a><span style=\"font-weight: 400;\">, komorov\u00e9m \u010dasopisu <\/span><a href=\"https:\/\/www.lks-casopis.cz\/clanek\/updent-2022-po-covidove-pauze-uspesne-navazal-na-tradici\/\"><span style=\"font-weight: 400;\">LKS<\/span><\/a><span style=\"font-weight: 400;\"> a v neposledn\u00ed \u0159ad\u011b i v <\/span><a href=\"https:\/\/www.zurnal.upol.cz\/nc\/zprava\/clanek\/budouci-zubari-na-kongresu-vybrali-29-tisic-na-podporu-ukrajiny\/\"><span style=\"font-weight: 400;\">\u017eurn\u00e1lu<\/span><\/a><span style=\"font-weight: 400;\"> na\u0161\u00ed alma mater. <\/span><\/p>\n<p>&nbsp;<\/p>\n<p><strong><span style=\"font-size: 18px;\">P\u00e1t\u00fd ro\u010dn\u00edk<\/span><\/strong><\/p>\n<p>P\u00e1t\u00fd ro\u010dn\u00edk prob\u011bhl ve dnech 25. a\u017e 26. \u00fanora 2023 v prostor\u00e1ch L\u00e9ka\u0159sk\u00e9 fakulty Univerzity Palack\u00e9ho. Na kongrese vystoupili n\u00e1sleduj\u00edc\u00ed p\u0159edn\u00e1\u0161ej\u00edc\u00ed se sv\u00fdmi prezentacemi:<\/p>\n<ul>\n<li>Michaela \u0160t\u011btinov\u00e1 &#8211; Tipy a triky v pedostomatologii<\/li>\n<li>Radek Mounajjed &#8211; Kam m\u00e1 stomatologie nam\u00ed\u0159eno<\/li>\n<li>Jan Kubal\u00e1k &#8211; vyv\u011bTRAY si chaos v ordinaci<\/li>\n<li>Michal K\u0159upka &#8211; Alergie u zubn\u00edch l\u00e9ka\u0159\u016f aneb co v\u0161e lze ve stomatologii nesn\u00e1\u0161et<\/li>\n<li>Jarmila \u0160t\u011bp\u00e1nov\u00e1 &#8211; Fyzioterapie v praxi (zubn\u00edho l\u00e9ka\u0159e)<\/li>\n<li>Daniel \u010cern\u00fd &#8211; Jak\u00e9 soft skills pot\u0159ebujeme k \u00fasp\u011b\u0161n\u00e9mu stomatologick\u00e9mu o\u0161et\u0159en\u00ed aneb jak b\u00fdt lep\u0161\u00edm a \u0161\u0165astn\u011bj\u0161\u00edm zuba\u0159em<\/li>\n<li>\u0160imon Bel\u00e1k &#8211; Strasti a slasti Ph.D. studia<\/li>\n<li>Jan Stibal &#8211; Efektivn\u00ed spolupr\u00e1ce se zubn\u00edm technikem<\/li>\n<li>Thomas Rozina &#8211; P\u0159\u00edle\u017eitosti je pot\u0159eba j\u00edt naproti<\/li>\n<\/ul>\n<p>Fotografie z ro\u010dn\u00edku 2023 si m\u016f\u017eete prohl\u00e9dnout <a href=\"https:\/\/us.zonerama.com\/UPdent2023\/Album\/1000061390\">zde<\/a>. O pr\u016fb\u011bhu kongresu si m\u016f\u017eete p\u0159e\u010d\u00edst v b\u0159eznov\u00e9m \u010d\u00edsle \u010dasopisu <a href=\"https:\/\/www.stomateam.cz.uvds456.active24.cz\/cz\/interview\/updent-v-olomouci-se-opet-tesil-velkemu-zajmu-studentu#confirm\">StomaTeam<\/a>, v dubnov\u00e9m \u010d\u00edsle komorov\u00e9ho \u010dasopisu <a href=\"https:\/\/www.lks-casopis.cz\/clanek\/updent-2023-paty-rocnik-studentskeho-kongresu\/\">LKS<\/a>\u00a0a op\u011bt i v <a href=\"https:\/\/www.zurnal.upol.cz\/fakulty\/lf\/zprava\/clanek\/studentsky-kongres-updent-zaplnil-poslucharnu\/\">\u017eurn\u00e1lu<\/a> na\u0161\u00ed Univerzity Palack\u00e9ho.<\/p>\n<p>&nbsp;<\/p>\n<p><strong><span style=\"font-size: 18px;\">\u0160est\u00fd ro\u010dn\u00edk<\/span><\/strong><\/p>\n<p class=\"p1\">\u0160est\u00fd ro\u010dn\u00edk prob\u011bhl ve dnech 24. a\u017e 25. \u00fanora 2024 v prostor\u00e1ch L\u00e9ka\u0159sk\u00e9 fakulty Univerzity Palack\u00e9ho. Na kongrese vystoupili n\u00e1sleduj\u00edc\u00ed p\u0159edn\u00e1\u0161ej\u00edc\u00ed se sv\u00fdmi prezentacemi:<\/p>\n<ul class=\"ul1\">\n<li class=\"li2\"><span class=\"s1\">Ji\u0159\u00ed Smejkal \u2013 D\u011bti v zubn\u00ed ordinaci?!<\/span><\/li>\n<li class=\"li2\"><span class=\"s1\">Jan Ko\u010d\u00ed\u2013 Jak zvl\u00e1dnout n\u00e1stup do praxe<\/span><\/li>\n<li class=\"li2\"><span class=\"s1\">Martina Neubauer \u2013 Byrokracie (ne)pot\u0159ebn\u00e1 k otev\u0159en\u00ed vlastn\u00ed praxe<\/span><\/li>\n<li class=\"li2\"><span class=\"s1\">Milan Tomka \u2013Vzd\u011bl\u00e1v\u00e1n\u00ed absolvent\u016f po \u0161kole<\/span><\/li>\n<li class=\"li2\"><span class=\"s1\">Tom\u00e1\u0161 Lenfeld \u2013 Oblastn\u00ed stomatologick\u00e1 komora se zam\u011b\u0159en\u00edm na Revizn\u00ed komisi<\/span><\/li>\n<li class=\"li2\"><span class=\"s1\">Daniel Posp\u00ed\u0161il a Katrin Ma\u0161kov\u00e1 \u2013 Pr\u00e1vn\u00ed aspekty poskytov\u00e1n\u00ed stomatologick\u00e9 p\u00e9\u010de<\/span><\/li>\n<li class=\"li2\"><span class=\"s1\">Michal Men\u0161\u00edk \u2013 Co\/Pro\u010d by m\u011bl\/a zuba\u0159\/ka v\u011bd\u011bt o \u00fa\u010detnictv\u00ed?<\/span><\/li>\n<li class=\"li2\"><span class=\"s1\">Jan Kubal\u00e1k \u2013 Jak se p\u0159ipravit na profesn\u00ed zkou\u0161ku z PZL<\/span><\/li>\n<li class=\"li2\"><span class=\"s1\">Martin Zapletal \u2013 \u017divot a pr\u00e1ce v zemi tulip\u00e1n\u016f z pohledu za\u010d\u00ednaj\u00edc\u00edho zuba\u0159e<\/span><\/li>\n<\/ul>\n<p><span class=\"s1\">Fotografie z ro\u010dn\u00edku 2024 si m\u016f\u017eete prohl\u00e9dnout\u00a0<a href=\"https:\/\/eu.zonerama.com\/UPdent\/Album\/11147732\"><span class=\"s2\">zde<\/span><\/a>. O pr\u016fb\u011bhu kongresu si m\u016f\u017eete p\u0159e\u010d\u00edst v b\u0159eznov\u00e9m \u010d\u00edsle \u010dasopisu\u00a0<a href=\"https:\/\/www.stomateam.cz.uvds456.active24.cz\/cz\/interview\/na-updentu-byla-opet-aula-zaplnena-do-posledniho-mista\"><span class=\"s2\">StomaTeam<\/span><\/a>, v dubnov\u00e9m \u010d\u00edsle komorov\u00e9ho \u010dasopisu\u00a0<a href=\"https:\/\/www.lks-casopis.cz\/clanek\/updent-2024-se-opet-zameril-na-soft-skills\/\"><span class=\"s2\">LKS<\/span><\/a>\u00a0a op\u011bt i v\u00a0<a href=\"https:\/\/www.zurnal.upol.cz\/fakulty\/lf\/zprava\/clanek\/studentsky-kongres-updent-prilakal-ucastniky-z-cele-zeme-podpori-staz-v-africe\/\"><span class=\"s2\">\u017eurn\u00e1lu<\/span><\/a>\u00a0na\u0161\u00ed Univerzity Palack\u00e9ho.<\/span><\/p>\n<p>&nbsp;<\/p>\n<p><strong><span style=\"font-size: 18px;\">Sedm\u00fd ro\u010dn\u00edk<\/span><\/strong><\/p>\n<p class=\"p1\">Sedm\u00fd ro\u010dn\u00edk prob\u011bhl ve dnech 22. a\u017e 23. \u00fanora 2025 v prostor\u00e1ch L\u00e9ka\u0159sk\u00e9 fakulty Univerzity Palack\u00e9ho. Na kongrese vystoupili n\u00e1sleduj\u00edc\u00ed p\u0159edn\u00e1\u0161ej\u00edc\u00ed se sv\u00fdmi prezentacemi:<\/p>\n<ul>\n<li>Jakub Hru\u0161ka &#8211; \u010cerstv\u00fd absolvent, nikoliv vyho\u0159el\u00fd za\u010d\u00e1te\u010dn\u00edk<\/li>\n<li>Tom\u00e1\u0161 Sonnek &#8211; Stav\u00edme zubn\u00ed kliniku aneb v\u00edtejte v d\u017eungli<\/li>\n<li>Jakub Ho\u0161ek &#8211; Jak nastavit spolupr\u00e1ci se zubn\u00ed laborato\u0159\u00ed<\/li>\n<li>B\u00e1ra Mal\u00edkov\u00e1 &#8211; Jak ovlivnit budoucnost (nejen) stomatologie<\/li>\n<li>Olga Gruberov\u00e1 &#8211; Mezioborov\u00e1 spolupr\u00e1ce stomatologa a fyzioterapeuta<\/li>\n<li>Ren\u00e1ta Kr\u010dilov\u00e1 &#8211; Specifika stomatogicko- chirurgick\u00e9ho o\u0161et\u0159en\u00ed pacient\u016f s pervazivni poruchou \u010di ment\u00e1ln\u00edm posti\u017een\u00edm<\/li>\n<li>Ad\u00e9la Tikovsk\u00e1 &#8211; Prim\u00e1rn\u00ed prevence ve stomatologii: Inovativn\u00ed p\u0159\u00edstupy a region\u00e1ln\u00ed rozd\u00edly s p\u0159\u00edkladem programu EduSmile<\/li>\n<li>Martin Ko\u0161\u0165\u00e1l &#8211; \u0160kola bez cukru \u2013 kde kon\u010d\u00ed stomatologick\u00e1 prevence<\/li>\n<li>Michal Duck\u00fd &#8211; Marketing v zubn\u00ed ordinaci<\/li>\n<\/ul>\n<p><span class=\"s1\">Fotografie z ro\u010dn\u00edku 2024 si m\u016f\u017eete prohl\u00e9dnout <a href=\"https:\/\/eu.zonerama.com\/Link\/Album\/12924041\"><span class=\"s2\">zde<\/span><\/a>.<\/span>[\/vc_column_text][\/vc_column][\/vc_row]<\/p>\n","protected":false},"excerpt":{"rendered":"<p>[vc_row][vc_column][vc_column_text]Fotografie z p\u00e1t\u00e9ho ro\u010dn\u00edku konference najdete zde. [\/vc_column_text][\/vc_column][\/vc_row][vc_row][vc_column][vc_column_text] Jak to v\u0161echno za\u010dalo&#8230; N\u00e1pad uspo\u0159\u00e1dat kongres vznikl u n\u00e1s student\u016f. Na jeho po\u010d\u00e1tku st\u00e1l neo\u010dek\u00e1van\u00fd z\u00e1jem o\u00a0p\u0159edn\u00e1\u0161ku ze zdravotnick\u00e9ho pr\u00e1va (kv\u011bten 2017), studenti se tak\u00e9 ve velk\u00e9m \u00fa\u010dastnili workshop\u016f na t\u00e9ma \u201ePsychologie pacienta\u201c \u010di \u201eFyzioterapie pro zubn\u00ed l\u00e9ka\u0159e\u201c. Inspirac\u00ed byly takt\u00e9\u017e \u010detn\u00e9 a\u00a0opakuj\u00edc\u00ed se dotazy (nejen) [&hellip;]<\/p>\n","protected":false},"author":1,"featured_media":0,"parent":0,"menu_order":0,"comment_status":"closed","ping_status":"closed","template":"","meta":{"footnotes":""},"class_list":["post-1408","page","type-page","status-publish","hentry"],"_links":{"self":[{"href":"https:\/\/www.updent.upol.cz\/index.php\/wp-json\/wp\/v2\/pages\/1408","targetHints":{"allow":["GET"]}}],"collection":[{"href":"https:\/\/www.updent.upol.cz\/index.php\/wp-json\/wp\/v2\/pages"}],"about":[{"href":"https:\/\/www.updent.upol.cz\/index.php\/wp-json\/wp\/v2\/types\/page"}],"author":[{"embeddable":true,"href":"https:\/\/www.updent.upol.cz\/index.php\/wp-json\/wp\/v2\/users\/1"}],"replies":[{"embeddable":true,"href":"https:\/\/www.updent.upol.cz\/index.php\/wp-json\/wp\/v2\/comments?post=1408"}],"version-history":[{"count":33,"href":"https:\/\/www.updent.upol.cz\/index.php\/wp-json\/wp\/v2\/pages\/1408\/revisions"}],"predecessor-version":[{"id":2403,"href":"https:\/\/www.updent.upol.cz\/index.php\/wp-json\/wp\/v2\/pages\/1408\/revisions\/2403"}],"wp:attachment":[{"href":"https:\/\/www.updent.upol.cz\/index.php\/wp-json\/wp\/v2\/media?parent=1408"}],"curies":[{"name":"wp","href":"https:\/\/api.w.org\/{rel}","templated":true}]}}